{"id":72,"date":"2021-02-24T16:13:37","date_gmt":"2021-02-24T14:13:37","guid":{"rendered":"http:\/\/new.asociatia-partener.ro\/?page_id=72"},"modified":"2025-11-18T11:43:05","modified_gmt":"2025-11-18T09:43:05","slug":"educatie-si-formare-profesionala","status":"publish","type":"page","link":"https:\/\/asociatia-partener.ro\/en\/educatie-si-formare-profesionala\/","title":{"rendered":"Education and vocational training"},"content":{"rendered":"<p><strong>\u00a0<\/strong>Echipa noastr\u0103 de\u0163ine compete\u0163e relevante \u00een domeniul form\u0103rii profesionale. Acestea au fost dob\u00e2ndite \u00een peste 15 ani de activitate \u00een domeniul managementului de proiect \u015fi \u00een contribu\u021bia la elaborarea ori implementarea a peste 300 de proiecte proprii sau \u00een parteneriat. Echipa noastr\u0103 a desf\u0103\u015furat timp de peste 15 ani activit\u0103\u0163i semnificative de inginerie formare, de cercetare \u00een domeniul form\u0103rii profesionale, de creare \u015fi implementare de instrumente \u015fi metode pentru formarea profesional\u0103 a adul\u0163ilor. \u00cen to\u0163i ace\u015fti ani, am lucrat \u00een mod sus\u0163inut al\u0103turi de profesioni\u015fti \u015fi exper\u0163i din majoritatea \u0163\u0103rilor din Europa pentru a perfec\u0163iona \u015fi dezvolta formarea profesional\u0103 a adul\u0163ilor \u00een domenii dintre cele mai diverse.<\/p>\n<p>Suntem co-autori \u015fi participan\u0163i la activit\u0103\u0163i precum crearea de noi ocupa\u0163ii \u015fi calific\u0103ri, elaborare \u015fi revizuire standarde ocupa\u0163ionale, creare de noi calific\u0103ri \u015fi programe de formare transna\u021bionale \u015fi europene, transfer \u015fi adaptare de instrumente \u015fi metode de formare a adul\u0163ilor din practica european\u0103 \u00een Rom\u00e2nia.<\/p>\n<p>Toate aceste experien\u0163e au capitalizat un nivel relevant de expertiz\u0103 \u00een domeniul form\u0103rii profesionale a adul\u0163ilor.<\/p>\n<p><strong>\u00a0<\/strong><\/p>","protected":false},"excerpt":{"rendered":"<p>\u00a0Echipa noastr\u0103 de\u0163ine compete\u0163e relevante \u00een domeniul form\u0103rii profesionale. Acestea au fost dob\u00e2ndite \u00een peste 15 ani de activitate \u00een domeniul managementului de proiect \u015fi \u00een contribu\u021bia la elaborarea ori implementarea a peste 300 de proiecte proprii sau \u00een parteneriat. Echipa noastr\u0103 a desf\u0103\u015furat timp de peste 15 ani activit\u0103\u0163i semnificative de inginerie formare, de [&hellip;]<\/p>\n","protected":false},"author":1,"featured_media":381,"parent":0,"menu_order":0,"comment_status":"closed","ping_status":"closed","template":"","meta":{"_acf_changed":false,"footnotes":""},"class_list":["post-72","page","type-page","status-publish","has-post-thumbnail","hentry"],"acf":[],"_links":{"self":[{"href":"https:\/\/asociatia-partener.ro\/en\/wp-json\/wp\/v2\/pages\/72","targetHints":{"allow":["GET"]}}],"collection":[{"href":"https:\/\/asociatia-partener.ro\/en\/wp-json\/wp\/v2\/pages"}],"about":[{"href":"https:\/\/asociatia-partener.ro\/en\/wp-json\/wp\/v2\/types\/page"}],"author":[{"embeddable":true,"href":"https:\/\/asociatia-partener.ro\/en\/wp-json\/wp\/v2\/users\/1"}],"replies":[{"embeddable":true,"href":"https:\/\/asociatia-partener.ro\/en\/wp-json\/wp\/v2\/comments?post=72"}],"version-history":[{"count":10,"href":"https:\/\/asociatia-partener.ro\/en\/wp-json\/wp\/v2\/pages\/72\/revisions"}],"predecessor-version":[{"id":503,"href":"https:\/\/asociatia-partener.ro\/en\/wp-json\/wp\/v2\/pages\/72\/revisions\/503"}],"wp:featuredmedia":[{"embeddable":true,"href":"https:\/\/asociatia-partener.ro\/en\/wp-json\/wp\/v2\/media\/381"}],"wp:attachment":[{"href":"https:\/\/asociatia-partener.ro\/en\/wp-json\/wp\/v2\/media?parent=72"}],"curies":[{"name":"wp","href":"https:\/\/api.w.org\/{rel}","templated":true}]}}